{"id":1640,"date":"2022-05-12T11:52:13","date_gmt":"2022-05-12T09:52:13","guid":{"rendered":"https:\/\/clients.webkrea.be\/kiwanis\/?page_id=1640"},"modified":"2022-10-24T19:53:20","modified_gmt":"2022-10-24T17:53:20","slug":"club-agenda","status":"publish","type":"page","link":"https:\/\/kiwanisbelux.net\/nl\/club-agenda\/","title":{"rendered":"Club agenda"},"content":{"rendered":"<p>[et_pb_section fb_built=&#8221;1&#8243; _builder_version=&#8221;4.16&#8243; global_colors_info=&#8221;{}&#8221;][et_pb_row _builder_version=&#8221;4.18.0&#8243; background_size=&#8221;initial&#8221; background_position=&#8221;top_left&#8221; background_repeat=&#8221;repeat&#8221; hover_enabled=&#8221;0&#8243; global_colors_info=&#8221;{}&#8221; sticky_enabled=&#8221;0&#8243;][et_pb_column type=&#8221;4_4&#8243; _builder_version=&#8221;4.16&#8243; custom_padding=&#8221;|||&#8221; global_colors_info=&#8221;{}&#8221; custom_padding__hover=&#8221;|||&#8221;][et_pb_text _builder_version=&#8221;4.16&#8243; background_size=&#8221;initial&#8221; background_position=&#8221;top_left&#8221; background_repeat=&#8221;repeat&#8221; global_colors_info=&#8221;{}&#8221;]<\/p>\n<table width=\"100%\" cellspacing=\"0\" cellpadding=\"0\">\n<tbody>\n<tr>\n<td class=\"box_content\" colspan=\"3\">\n<h2>septembre 2021<\/h2>\n<\/td>\n<\/tr>\n<tr>\n<td class=\"box_header\" width=\"150px\">16 \/ 9<\/td>\n<td class=\"box_header\">Passation des fonctions &#8211; KC Gembloux Abbaye<\/td>\n<td class=\"box_header\" width=\"150px\"><a class=\"white\" href=\"http:\/\/www.kiwanis.be\/fr\/agenda\/1965\/passation-des-fonctions-kc-gembloux-abbaye\">Plus d&#8217;info<\/a><\/td>\n<\/tr>\n<tr>\n<td class=\"box_header\" width=\"150px\">17 \/ 9<\/td>\n<td class=\"box_header\">Passation de Fonctions &#8211; KC La Louvi\u00e8re<\/td>\n<td class=\"box_header\" width=\"150px\"><a class=\"white\" href=\"http:\/\/www.kiwanis.be\/fr\/agenda\/1968\/passation-de-fonctions-kc-la-louviere\">Plus d&#8217;info<\/a><\/td>\n<\/tr>\n<tr>\n<td class=\"box_header\" width=\"150px\">17 \/ 9 &#8211; 19 \/ 9<\/td>\n<td class=\"box_header\">Foire aux livres d&#8217;occasion &#8211; KC Jalhay Hautes Fagnes<\/td>\n<td class=\"box_header\" width=\"150px\"><a class=\"white\" href=\"http:\/\/www.kiwanis.be\/fr\/agenda\/1917\/foire-aux-livres-kc-jalhay-hautes-fagnes\">Plus d&#8217;info<\/a><\/td>\n<\/tr>\n<tr>\n<td class=\"box_header\" width=\"150px\">17 \/ 9 &#8211; 18 \/ 9<\/td>\n<td class=\"box_header\">25\u00e8me Congr\u00e8s District Belgium &#8211; Luxembourg<\/td>\n<td class=\"box_header\" width=\"150px\"><a class=\"white\" href=\"http:\/\/www.kiwanis.be\/fr\/agenda\/1814\/congres-district-belgium-luxembourg\">Plus d&#8217;info<\/a><\/td>\n<\/tr>\n<tr>\n<td class=\"box_header\" width=\"150px\">22 \/ 9<\/td>\n<td class=\"box_header\">Enfants du Zinc &#8211; Charleroi<\/td>\n<td class=\"box_header\" width=\"150px\"><a class=\"white\" href=\"http:\/\/www.kiwanis.be\/fr\/agenda\/1952\/enfants-du-zinc-kc-amay\">Plus d&#8217;info<\/a><\/td>\n<\/tr>\n<tr>\n<td class=\"box_header\" width=\"150px\">23 \/ 9<\/td>\n<td class=\"box_header\">Passation des fonctions &#8211; KC Namur Terra Nova<\/td>\n<td class=\"box_header\" width=\"150px\"><a class=\"white\" href=\"http:\/\/www.kiwanis.be\/fr\/agenda\/1963\/passation-des-fonctions-kc-namur-terra-nova\">Plus d&#8217;info<\/a><\/td>\n<\/tr>\n<tr>\n<td class=\"box_header\" width=\"150px\">25 \/ 9<\/td>\n<td class=\"box_header\">Barbecue g\u00e9ant &#8211; KC Ciney &#8211; Dinant Charlemagne<\/td>\n<td class=\"box_header\" width=\"150px\"><a class=\"white\" href=\"http:\/\/www.kiwanis.be\/fr\/agenda\/1984\/barbecue-geant-kc-ciney-dinant-charlemagne\">Plus d&#8217;info<\/a><\/td>\n<\/tr>\n<tr>\n<td class=\"box_header\" width=\"150px\">26 \/ 9<\/td>\n<td class=\"box_header\">Marche solidaire &#8211; 5 &#8211; 10 &#8211; 15 km &#8211; KC Saint-Ghislain en Borinage<\/td>\n<td class=\"box_header\" width=\"150px\"><a class=\"white\" href=\"http:\/\/www.kiwanis.be\/fr\/agenda\/1978\/marche-solidaire-5-10-15-km-kc-saint-ghislain-en-borinage\">Plus d&#8217;info<\/a><\/td>\n<\/tr>\n<tr>\n<td class=\"box_header\" width=\"150px\">26 \/ 9<\/td>\n<td class=\"box_header\">Rallye p\u00e9destre 5-10 Km &#8211; KC Grez-Doiceau<\/td>\n<td class=\"box_header\" width=\"150px\"><a class=\"white\" href=\"http:\/\/www.kiwanis.be\/fr\/agenda\/1979\/rallye-pedestre-5-10-km-kc-grez-doiceau\">Plus d&#8217;info<\/a><\/td>\n<\/tr>\n<tr>\n<td class=\"box_header\" width=\"150px\">26 \/ 9<\/td>\n<td class=\"box_header\">Passations de fonctions &#8211; KC Bastogne<\/td>\n<td class=\"box_header\" width=\"150px\"><a class=\"white\" href=\"http:\/\/www.kiwanis.be\/fr\/agenda\/1974\/passations-de-fonctions-kc-bastogne\">Plus d&#8217;info<\/a><\/td>\n<\/tr>\n<tr>\n<td class=\"box_header\" width=\"150px\">28 \/ 9 &#8211; 17 \/ 10<\/td>\n<td class=\"box_header\">Marche de 100Km pour CAP48 &#8211; KC Grez-Doiceau<\/td>\n<td class=\"box_header\" width=\"150px\"><a class=\"white\" href=\"http:\/\/www.kiwanis.be\/fr\/agenda\/1980\/marche-de-100km-pour-cap48-kc-grez-doiceau\">Plus d&#8217;info<\/a><\/td>\n<\/tr>\n<tr>\n<td class=\"box_header\" width=\"150px\">29 \/ 9<\/td>\n<td class=\"box_header\">Passation des fonctions KC Charles Roy 1666 et Division Hainaut Est<\/td>\n<td class=\"box_header\" width=\"150px\"><a class=\"white\" href=\"http:\/\/www.kiwanis.be\/fr\/agenda\/1957\/passation-des-fonctions-kc-charleroy-1666-et-division\">Plus d&#8217;info<\/a><\/td>\n<\/tr>\n<tr>\n<td class=\"box_header\" width=\"150px\">29 \/ 9<\/td>\n<td class=\"box_header\">Passation des fonctions &#8211; Division Hainaut Ouest<\/td>\n<td class=\"box_header\" width=\"150px\"><a class=\"white\" href=\"http:\/\/www.kiwanis.be\/fr\/agenda\/1977\/passation-de-fonctions-division-hainaut-ouest\">Plus d&#8217;info<\/a><\/td>\n<\/tr>\n<tr>\n<td class=\"box_content\" colspan=\"3\">\n<h2>octobre 2021<\/h2>\n<\/td>\n<\/tr>\n<tr>\n<td class=\"box_header\" width=\"150px\">1 \/ 10 &#8211; 3 \/ 10<\/td>\n<td class=\"box_header\">Exposition dart &#8211; KC Eupen<\/td>\n<td class=\"box_header\" width=\"150px\"><a class=\"white\" href=\"http:\/\/www.kiwanis.be\/fr\/agenda\/1981\/exposition-d-art-kc-eupen\">Plus d&#8217;info<\/a><\/td>\n<\/tr>\n<tr>\n<td class=\"box_header\" width=\"150px\">1 \/ 10<\/td>\n<td class=\"box_header\">Passation des fonctions &#8211; KC Ch\u00e2telet ville d&#8217;artistes<\/td>\n<td class=\"box_header\" width=\"150px\"><a class=\"white\" href=\"http:\/\/www.kiwanis.be\/fr\/agenda\/1983\/passation-des-fonctions-kc-chatelet-ville-d-artistes\">Plus d&#8217;info<\/a><\/td>\n<\/tr>\n<tr>\n<td class=\"box_header\" width=\"150px\">2 \/ 10<\/td>\n<td class=\"box_header\">Passation des fonctions du club et les LTG &#8211; KC Andenne<\/td>\n<td class=\"box_header\" width=\"150px\"><a class=\"white\" href=\"http:\/\/www.kiwanis.be\/fr\/agenda\/1994\/passation-des-fonctioins-du-club-et-les-ltg-kc-andenne\">Plus d&#8217;info<\/a><\/td>\n<\/tr>\n<tr>\n<td class=\"box_header\" width=\"150px\">2 \/ 10<\/td>\n<td class=\"box_header\">Passation des fonctions &#8211; KC Amay<\/td>\n<td class=\"box_header\" width=\"150px\"><a class=\"white\" href=\"http:\/\/www.kiwanis.be\/fr\/agenda\/1953\/passation-des-fonctions-kc-amay\">Plus d&#8217;info<\/a><\/td>\n<\/tr>\n<tr>\n<td class=\"box_header\" width=\"150px\">6 \/ 10<\/td>\n<td class=\"box_header\">Les Enfants du zinc &#8211; Amay &#8211; KC Amay<\/td>\n<td class=\"box_header\" width=\"150px\"><a class=\"white\" href=\"http:\/\/www.kiwanis.be\/fr\/agenda\/1967\/quot-les-enfants-du-zinc-amay-quot-kc-amay\">Plus d&#8217;info<\/a><\/td>\n<\/tr>\n<tr>\n<td class=\"box_header\" width=\"150px\">7 \/ 10<\/td>\n<td class=\"box_header\">Passation des fonctions &#8211; KC Charleroi Ellipse<\/td>\n<td class=\"box_header\" width=\"150px\"><a class=\"white\" href=\"http:\/\/www.kiwanis.be\/fr\/agenda\/1973\/passation-des-fonctions-kc-charleroi-ellipse\">Plus d&#8217;info<\/a><\/td>\n<\/tr>\n<tr>\n<td class=\"box_header\" width=\"150px\">7 \/ 10<\/td>\n<td class=\"box_header\">Passation des fonctions &#8211; KC Namur Comt\u00e9<\/td>\n<td class=\"box_header\" width=\"150px\"><a class=\"white\" href=\"http:\/\/www.kiwanis.be\/fr\/agenda\/1966\/passation-des-fonctions-kc-namur-comte\">Plus d&#8217;info<\/a><\/td>\n<\/tr>\n<tr>\n<td class=\"box_header\" width=\"150px\">9 \/ 10 &#8211; 10 \/ 10<\/td>\n<td class=\"box_header\">Concert Si RAPSAT m\u00e9tait cont\u00e9 &#8211; KC Vis\u00e9 basse Meuse<\/td>\n<td class=\"box_header\" width=\"150px\"><a class=\"white\" href=\"http:\/\/www.kiwanis.be\/fr\/agenda\/1992\/concert-si-rapsat-m-etait-conte-kc-vise-basse\">Plus d&#8217;info<\/a><\/td>\n<\/tr>\n<tr>\n<td class=\"box_header\" width=\"150px\">10 \/ 10<\/td>\n<td class=\"box_header\">Tournoi de golf &#8211; KC Gembloux Abbaye<\/td>\n<td class=\"box_header\" width=\"150px\"><a class=\"white\" href=\"http:\/\/www.kiwanis.be\/fr\/agenda\/1911\/tournoi-de-golf-kc-gembloux-abbaye\">Plus d&#8217;info<\/a><\/td>\n<\/tr>\n<tr>\n<td class=\"box_header\" width=\"150px\">16 \/ 10<\/td>\n<td class=\"box_header\">Passation des fonctions &#8211; KC Luxembourg Alstad<\/td>\n<td class=\"box_header\" width=\"150px\"><a class=\"white\" href=\"http:\/\/www.kiwanis.be\/fr\/agenda\/1982\/passation-des-fonctions-kc-luxembourg-alstad\">Plus d&#8217;info<\/a><\/td>\n<\/tr>\n<tr>\n<td class=\"box_header\" width=\"150px\">16 \/ 10<\/td>\n<td class=\"box_header\">Passation des fonctions &#8211; KC Ciney Dinant Charlemagne<\/td>\n<td class=\"box_header\" width=\"150px\"><a class=\"white\" href=\"http:\/\/www.kiwanis.be\/fr\/agenda\/1985\/passation-des-fonctions-kc-ciney-dinant-charlemagne\">Plus d&#8217;info<\/a><\/td>\n<\/tr>\n<tr>\n<td class=\"box_content\" colspan=\"3\">\n<h2>novembre 2021<\/h2>\n<\/td>\n<\/tr>\n<tr>\n<td class=\"box_header\" width=\"150px\">13 \/ 11<\/td>\n<td class=\"box_header\">Soir\u00e9e de gala &#8211; District Belgium Luxembourg<\/td>\n<td class=\"box_header\" width=\"150px\"><a class=\"white\" href=\"http:\/\/www.kiwanis.be\/fr\/agenda\/1971\/soiree-de-gala-district-belgium-luxembourg\">Plus d&#8217;info<\/a><\/td>\n<\/tr>\n<tr>\n<td class=\"box_header\" width=\"150px\">14 \/ 11<\/td>\n<td class=\"box_header\">Marche ADEPS &#8211; KC Ciney &#8211; Dinant Charlemagne<\/td>\n<td class=\"box_header\" width=\"150px\"><a class=\"white\" href=\"http:\/\/www.kiwanis.be\/fr\/agenda\/1986\/marche-adeps-kc-ciney-dinant-charlemagne\">Plus d&#8217;info<\/a><\/td>\n<\/tr>\n<tr>\n<td class=\"box_header\" width=\"150px\">27 \/ 11<\/td>\n<td class=\"box_header\">Saint-Nicolas des enfants &#8211; KC Ciney &#8211; Dinant Charlemagne<\/td>\n<td class=\"box_header\" width=\"150px\"><a class=\"white\" href=\"http:\/\/www.kiwanis.be\/fr\/agenda\/1987\/saint-nicolas-des-enfants-kc-ciney-dinant-charlemagne\">Plus d&#8217;info<\/a><\/td>\n<\/tr>\n<tr>\n<td class=\"box_header\" width=\"150px\">28 \/ 11<\/td>\n<td class=\"box_header\">Tournoi de BRIDGE &#8211; KC Rosi\u00e8res 6 Vall\u00e9es<\/td>\n<td class=\"box_header\" width=\"150px\"><a class=\"white\" href=\"http:\/\/www.kiwanis.be\/fr\/agenda\/1991\/tournoi-de-bridge-kc-rosieres-6-vallees\">Plus d&#8217;info<\/a><\/td>\n<\/tr>\n<tr>\n<td class=\"box_header\" width=\"150px\">28 \/ 11<\/td>\n<td class=\"box_header\">Repas choucroute &#8211; KC Ciney &#8211; Dinant Charlemagne<\/td>\n<td class=\"box_header\" width=\"150px\"><a class=\"white\" href=\"http:\/\/www.kiwanis.be\/fr\/agenda\/1988\/repas-choucroute-kc-ciney-dinant-charlemagne\">Plus d&#8217;info<\/a><\/td>\n<\/tr>\n<tr>\n<td class=\"box_content\" colspan=\"3\">\n<h2>d\u00e9cembre 2021<\/h2>\n<\/td>\n<\/tr>\n<tr>\n<td class=\"box_header\" width=\"150px\">10 \/ 12<\/td>\n<td class=\"box_header\">Concert de No\u00ebl Kiwanis dans la Cit\u00e9 &#8211; KC La Louvi\u00e8re<\/td>\n<td class=\"box_header\" width=\"150px\"><a class=\"white\" href=\"http:\/\/www.kiwanis.be\/fr\/agenda\/1990\/concert-de-noel-kiwanis-dans-la-cite-kc-la-louviere\">Plus d&#8217;info<\/a><\/td>\n<\/tr>\n<tr>\n<td class=\"box_header\" width=\"150px\">11 \/ 12<\/td>\n<td class=\"box_header\">Soir\u00e9e th\u00e9\u00e2tre Silence on tourne &#8211; KC Charles Roy 1666<\/td>\n<td class=\"box_header\" width=\"150px\"><a class=\"white\" href=\"http:\/\/www.kiwanis.be\/fr\/agenda\/1960\/soiree-theatre-silence-on-tourne-kc-charles-roy-1666\">Plus d&#8217;info<\/a><\/td>\n<\/tr>\n<tr>\n<td class=\"box_header\" width=\"150px\">16 \/ 12 &#8211; 20 \/ 12<\/td>\n<td class=\"box_header\">F\u00eate du Parc Saint-Roch &#8211; KC Ciney &#8211; Dinant Charlemagne<\/td>\n<td class=\"box_header\" width=\"150px\"><a class=\"white\" href=\"http:\/\/www.kiwanis.be\/fr\/agenda\/1989\/fete-du-parc-saint-roch-kc-ciney-dinant-charlemagne\">Plus d&#8217;info<\/a><\/td>\n<\/tr>\n<tr>\n<td class=\"box_header\" width=\"150px\">19 \/ 12<\/td>\n<td class=\"box_header\">Repas au profit de l&#8217;op\u00e9ration Viva for Life &#8211; Division Hainaut Ouest<\/td>\n<td class=\"box_header\" width=\"150px\"><a class=\"white\" href=\"http:\/\/www.kiwanis.be\/fr\/agenda\/1976\/repas-au-profit-de-l-operation-viva-for-life-division-hainaut-ouest\">Plus d&#8217;info<\/a><\/td>\n<\/tr>\n<tr>\n<td class=\"box_content\" colspan=\"3\">\n<h2>mars 2022<\/h2>\n<\/td>\n<\/tr>\n<tr>\n<td class=\"box_header\" width=\"150px\">26 \/ 3<\/td>\n<td class=\"box_header\">La nuit de Bruxelles N\u00b01 &#8211; KC Bruxelles N\u00b01<\/td>\n<td class=\"box_header\" width=\"150px\"><a class=\"white\" href=\"http:\/\/www.kiwanis.be\/fr\/agenda\/1935\/la-nuit-de-bruxelles-n-deg-1-kc-bruxelles-n-deg-1\">Plus d&#8217;info<\/a><\/td>\n<\/tr>\n<tr>\n<td class=\"box_header\" width=\"150px\">26 \/ 3<\/td>\n<td class=\"box_header\">Porchetta &#8211; KC Gembloux Abbaye<\/td>\n<td class=\"box_header\" width=\"150px\"><a class=\"white\" href=\"http:\/\/www.kiwanis.be\/fr\/agenda\/1969\/porchetta-kc-gembloux-abbaye\">Plus d&#8217;info<\/a><\/td>\n<\/tr>\n<tr>\n<td class=\"box_content\" colspan=\"3\">\n<h2>juin 2022<\/h2>\n<\/td>\n<\/tr>\n<tr>\n<td class=\"box_header\" width=\"150px\">18 \/ 6 &#8211; 19 \/ 6<\/td>\n<td class=\"box_header\">BRITISH CAR MEETING STAVELOT &#8211; KC Stavelot<\/td>\n<td class=\"box_header\" width=\"150px\"><a class=\"white\" href=\"http:\/\/www.kiwanis.be\/fr\/agenda\/1915\/british-car-meeting-stavelot-kc-stavelot\">Plus d&#8217;info<\/a><\/td>\n<\/tr>\n<\/tbody>\n<\/table>\n<p>&nbsp;<\/p>\n<p>[\/et_pb_text][\/et_pb_column][\/et_pb_row][\/et_pb_section]<\/p>\n","protected":false},"excerpt":{"rendered":"<p>septembre 2021 16 \/ 9 Passation des fonctions &#8211; KC Gembloux Abbaye Plus d&#8217;info 17 \/ 9 Passation de Fonctions &#8211; KC La Louvi\u00e8re Plus d&#8217;info 17 \/ 9 &#8211; [&hellip;]<\/p>\n","protected":false},"author":4,"featured_media":1686,"parent":0,"menu_order":3,"comment_status":"closed","ping_status":"closed","template":"","meta":{"_et_pb_use_builder":"on","_et_pb_old_content":"","_et_gb_content_width":"","iawp_total_views":0,"footnotes":""},"class_list":["post-1640","page","type-page","status-publish","has-post-thumbnail","hentry"],"yoast_head":"<!-- This site is optimized with the Yoast SEO plugin v27.5 - https:\/\/yoast.com\/product\/yoast-seo-wordpress\/ -->\n<title>Club agenda - Kiwanis<\/title>\n<meta name=\"robots\" content=\"noindex, follow, max-snippet:-1, max-image-preview:large, max-video-preview:-1\" \/>\n<meta property=\"og:locale\" content=\"nl_NL\" \/>\n<meta property=\"og:type\" content=\"article\" \/>\n<meta property=\"og:title\" content=\"Club agenda - Kiwanis\" \/>\n<meta property=\"og:description\" content=\"septembre 2021 16 \/ 9 Passation des fonctions - KC Gembloux Abbaye Plus d&#039;info 17 \/ 9 Passation de Fonctions - KC La Louvi\u00e8re Plus d&#039;info 17 \/ 9 - [&hellip;]\" \/>\n<meta property=\"og:url\" content=\"https:\/\/kiwanisbelux.net\/nl\/club-agenda\/\" \/>\n<meta property=\"og:site_name\" content=\"Kiwanis\" \/>\n<meta property=\"article:modified_time\" content=\"2022-10-24T17:53:20+00:00\" \/>\n<meta property=\"og:image\" content=\"https:\/\/kiwanisbelux.net\/wp-content\/uploads\/2022\/05\/agenda-para-software-juridico-como-integrar.jpg\" \/>\n\t<meta property=\"og:image:width\" content=\"600\" \/>\n\t<meta property=\"og:image:height\" content=\"338\" \/>\n\t<meta property=\"og:image:type\" content=\"image\/jpeg\" \/>\n<meta name=\"twitter:card\" content=\"summary_large_image\" \/>\n<meta name=\"twitter:label1\" content=\"Geschatte leestijd\" \/>\n\t<meta name=\"twitter:data1\" content=\"4 minuten\" \/>\n<script type=\"application\/ld+json\" class=\"yoast-schema-graph\">{\"@context\":\"https:\\\/\\\/schema.org\",\"@graph\":[{\"@type\":\"WebPage\",\"@id\":\"https:\\\/\\\/kiwanisbelux.net\\\/nl\\\/club-agenda\\\/\",\"url\":\"https:\\\/\\\/kiwanisbelux.net\\\/nl\\\/club-agenda\\\/\",\"name\":\"Club agenda - Kiwanis\",\"isPartOf\":{\"@id\":\"https:\\\/\\\/kiwanisbelux.net\\\/nl\\\/#website\"},\"primaryImageOfPage\":{\"@id\":\"https:\\\/\\\/kiwanisbelux.net\\\/nl\\\/club-agenda\\\/#primaryimage\"},\"image\":{\"@id\":\"https:\\\/\\\/kiwanisbelux.net\\\/nl\\\/club-agenda\\\/#primaryimage\"},\"thumbnailUrl\":\"https:\\\/\\\/kiwanisbelux.net\\\/wp-content\\\/uploads\\\/2022\\\/05\\\/agenda-para-software-juridico-como-integrar.jpg\",\"datePublished\":\"2022-05-12T09:52:13+00:00\",\"dateModified\":\"2022-10-24T17:53:20+00:00\",\"breadcrumb\":{\"@id\":\"https:\\\/\\\/kiwanisbelux.net\\\/nl\\\/club-agenda\\\/#breadcrumb\"},\"inLanguage\":\"nl-NL\",\"potentialAction\":[{\"@type\":\"ReadAction\",\"target\":[\"https:\\\/\\\/kiwanisbelux.net\\\/nl\\\/club-agenda\\\/\"]}]},{\"@type\":\"ImageObject\",\"inLanguage\":\"nl-NL\",\"@id\":\"https:\\\/\\\/kiwanisbelux.net\\\/nl\\\/club-agenda\\\/#primaryimage\",\"url\":\"https:\\\/\\\/kiwanisbelux.net\\\/wp-content\\\/uploads\\\/2022\\\/05\\\/agenda-para-software-juridico-como-integrar.jpg\",\"contentUrl\":\"https:\\\/\\\/kiwanisbelux.net\\\/wp-content\\\/uploads\\\/2022\\\/05\\\/agenda-para-software-juridico-como-integrar.jpg\",\"width\":600,\"height\":338},{\"@type\":\"BreadcrumbList\",\"@id\":\"https:\\\/\\\/kiwanisbelux.net\\\/nl\\\/club-agenda\\\/#breadcrumb\",\"itemListElement\":[{\"@type\":\"ListItem\",\"position\":1,\"name\":\"Home\",\"item\":\"https:\\\/\\\/kiwanisbelux.net\\\/nl\\\/\"},{\"@type\":\"ListItem\",\"position\":2,\"name\":\"Club agenda\"}]},{\"@type\":\"WebSite\",\"@id\":\"https:\\\/\\\/kiwanisbelux.net\\\/nl\\\/#website\",\"url\":\"https:\\\/\\\/kiwanisbelux.net\\\/nl\\\/\",\"name\":\"Kiwanis\",\"description\":\"Serving the Children of the World\",\"publisher\":{\"@id\":\"https:\\\/\\\/kiwanisbelux.net\\\/nl\\\/#organization\"},\"potentialAction\":[{\"@type\":\"SearchAction\",\"target\":{\"@type\":\"EntryPoint\",\"urlTemplate\":\"https:\\\/\\\/kiwanisbelux.net\\\/nl\\\/?s={search_term_string}\"},\"query-input\":{\"@type\":\"PropertyValueSpecification\",\"valueRequired\":true,\"valueName\":\"search_term_string\"}}],\"inLanguage\":\"nl-NL\"},{\"@type\":\"Organization\",\"@id\":\"https:\\\/\\\/kiwanisbelux.net\\\/nl\\\/#organization\",\"name\":\"Kiwanis\",\"url\":\"https:\\\/\\\/kiwanisbelux.net\\\/nl\\\/\",\"logo\":{\"@type\":\"ImageObject\",\"inLanguage\":\"nl-NL\",\"@id\":\"https:\\\/\\\/kiwanisbelux.net\\\/nl\\\/#\\\/schema\\\/logo\\\/image\\\/\",\"url\":\"https:\\\/\\\/dev.kiwanisbelux.net\\\/wp-content\\\/uploads\\\/2021\\\/04\\\/kiwanis-logo@2x.png\",\"contentUrl\":\"https:\\\/\\\/dev.kiwanisbelux.net\\\/wp-content\\\/uploads\\\/2021\\\/04\\\/kiwanis-logo@2x.png\",\"width\":555,\"height\":100,\"caption\":\"Kiwanis\"},\"image\":{\"@id\":\"https:\\\/\\\/kiwanisbelux.net\\\/nl\\\/#\\\/schema\\\/logo\\\/image\\\/\"}}]}<\/script>\n<!-- \/ Yoast SEO plugin. -->","yoast_head_json":{"title":"Club agenda - Kiwanis","robots":{"index":"noindex","follow":"follow","max-snippet":"max-snippet:-1","max-image-preview":"max-image-preview:large","max-video-preview":"max-video-preview:-1"},"og_locale":"nl_NL","og_type":"article","og_title":"Club agenda - Kiwanis","og_description":"septembre 2021 16 \/ 9 Passation des fonctions - KC Gembloux Abbaye Plus d'info 17 \/ 9 Passation de Fonctions - KC La Louvi\u00e8re Plus d'info 17 \/ 9 - [&hellip;]","og_url":"https:\/\/kiwanisbelux.net\/nl\/club-agenda\/","og_site_name":"Kiwanis","article_modified_time":"2022-10-24T17:53:20+00:00","og_image":[{"width":600,"height":338,"url":"https:\/\/kiwanisbelux.net\/wp-content\/uploads\/2022\/05\/agenda-para-software-juridico-como-integrar.jpg","type":"image\/jpeg"}],"twitter_card":"summary_large_image","twitter_misc":{"Geschatte leestijd":"4 minuten"},"schema":{"@context":"https:\/\/schema.org","@graph":[{"@type":"WebPage","@id":"https:\/\/kiwanisbelux.net\/nl\/club-agenda\/","url":"https:\/\/kiwanisbelux.net\/nl\/club-agenda\/","name":"Club agenda - Kiwanis","isPartOf":{"@id":"https:\/\/kiwanisbelux.net\/nl\/#website"},"primaryImageOfPage":{"@id":"https:\/\/kiwanisbelux.net\/nl\/club-agenda\/#primaryimage"},"image":{"@id":"https:\/\/kiwanisbelux.net\/nl\/club-agenda\/#primaryimage"},"thumbnailUrl":"https:\/\/kiwanisbelux.net\/wp-content\/uploads\/2022\/05\/agenda-para-software-juridico-como-integrar.jpg","datePublished":"2022-05-12T09:52:13+00:00","dateModified":"2022-10-24T17:53:20+00:00","breadcrumb":{"@id":"https:\/\/kiwanisbelux.net\/nl\/club-agenda\/#breadcrumb"},"inLanguage":"nl-NL","potentialAction":[{"@type":"ReadAction","target":["https:\/\/kiwanisbelux.net\/nl\/club-agenda\/"]}]},{"@type":"ImageObject","inLanguage":"nl-NL","@id":"https:\/\/kiwanisbelux.net\/nl\/club-agenda\/#primaryimage","url":"https:\/\/kiwanisbelux.net\/wp-content\/uploads\/2022\/05\/agenda-para-software-juridico-como-integrar.jpg","contentUrl":"https:\/\/kiwanisbelux.net\/wp-content\/uploads\/2022\/05\/agenda-para-software-juridico-como-integrar.jpg","width":600,"height":338},{"@type":"BreadcrumbList","@id":"https:\/\/kiwanisbelux.net\/nl\/club-agenda\/#breadcrumb","itemListElement":[{"@type":"ListItem","position":1,"name":"Home","item":"https:\/\/kiwanisbelux.net\/nl\/"},{"@type":"ListItem","position":2,"name":"Club agenda"}]},{"@type":"WebSite","@id":"https:\/\/kiwanisbelux.net\/nl\/#website","url":"https:\/\/kiwanisbelux.net\/nl\/","name":"Kiwanis","description":"Serving the Children of the World","publisher":{"@id":"https:\/\/kiwanisbelux.net\/nl\/#organization"},"potentialAction":[{"@type":"SearchAction","target":{"@type":"EntryPoint","urlTemplate":"https:\/\/kiwanisbelux.net\/nl\/?s={search_term_string}"},"query-input":{"@type":"PropertyValueSpecification","valueRequired":true,"valueName":"search_term_string"}}],"inLanguage":"nl-NL"},{"@type":"Organization","@id":"https:\/\/kiwanisbelux.net\/nl\/#organization","name":"Kiwanis","url":"https:\/\/kiwanisbelux.net\/nl\/","logo":{"@type":"ImageObject","inLanguage":"nl-NL","@id":"https:\/\/kiwanisbelux.net\/nl\/#\/schema\/logo\/image\/","url":"https:\/\/dev.kiwanisbelux.net\/wp-content\/uploads\/2021\/04\/kiwanis-logo@2x.png","contentUrl":"https:\/\/dev.kiwanisbelux.net\/wp-content\/uploads\/2021\/04\/kiwanis-logo@2x.png","width":555,"height":100,"caption":"Kiwanis"},"image":{"@id":"https:\/\/kiwanisbelux.net\/nl\/#\/schema\/logo\/image\/"}}]}},"_links":{"self":[{"href":"https:\/\/kiwanisbelux.net\/nl\/wp-json\/wp\/v2\/pages\/1640","targetHints":{"allow":["GET"]}}],"collection":[{"href":"https:\/\/kiwanisbelux.net\/nl\/wp-json\/wp\/v2\/pages"}],"about":[{"href":"https:\/\/kiwanisbelux.net\/nl\/wp-json\/wp\/v2\/types\/page"}],"author":[{"embeddable":true,"href":"https:\/\/kiwanisbelux.net\/nl\/wp-json\/wp\/v2\/users\/4"}],"replies":[{"embeddable":true,"href":"https:\/\/kiwanisbelux.net\/nl\/wp-json\/wp\/v2\/comments?post=1640"}],"version-history":[{"count":0,"href":"https:\/\/kiwanisbelux.net\/nl\/wp-json\/wp\/v2\/pages\/1640\/revisions"}],"wp:featuredmedia":[{"embeddable":true,"href":"https:\/\/kiwanisbelux.net\/nl\/wp-json\/wp\/v2\/media\/1686"}],"wp:attachment":[{"href":"https:\/\/kiwanisbelux.net\/nl\/wp-json\/wp\/v2\/media?parent=1640"}],"curies":[{"name":"wp","href":"https:\/\/api.w.org\/{rel}","templated":true}]}}